{"id":20,"date":"2019-11-08T17:36:42","date_gmt":"2019-11-08T16:36:42","guid":{"rendered":"http:\/\/www.daralmajusguesthouse.proterrasancta.org\/?page_id=20"},"modified":"2022-05-27T20:56:17","modified_gmt":"2022-05-27T18:56:17","slug":"chi-siamo","status":"publish","type":"page","link":"https:\/\/darmamillaguesthouse.proterrasancta.org\/darmamillaguesthouse\/it\/chi-siamo\/","title":{"rendered":"La nostra storia"},"content":{"rendered":"\n<h2>Insieme alle suore di San Vincenzo de Paoli<\/h2>\n\n\n\n<p><strong>Dar Mamilla Guest House<\/strong> fa parte di una rete di attivit\u00e0 realizzate dall&#8217;<a rel=\"noreferrer noopener\" href=\"http:\/\/www.proterrasancta.org\" target=\"_blank\"><strong>Associazione pro Terra Sancta<\/strong><\/a>. Situato nel monastero di <strong>St. Vincent de Paul<\/strong>, il nostro obiettivo principale non \u00e8 solo quello di ospitare visitatori da tutto il mondo, ma anche di aiutare il lavoro delle suore della carit\u00e0 di San Vincenzo de Paoli.<br><\/p>\n\n\n\n<p>Le <strong>suore sono attive a Gerusalemme dal 1884<\/strong> e attualmente gestiscono un <strong>asilo con 240 bambini<\/strong> e un centro per le <strong>persone con disabilit\u00e0 gravi<\/strong>. Una parte delle entrate della Dar Mamilla Guest House <strong>sostiene le loro attivit\u00e0.<\/strong><\/p>\n\n\n\n<p>La nostra rete in costante crescita attualmente include:<\/p>\n\n\n\n<p>\u2022 La <strong><a rel=\"noreferrer noopener\" href=\"https:\/\/daralmajusguesthouse.proterrasancta.org\/\" target=\"_blank\">Dar al Majus Guesthouse<\/a> <\/strong>a Betlemme<br>\u2022 La <strong>Mosaic Guest House<\/strong> a Sebastia e la sua affiliata nella vicina Nisf Jubeil, in collaborazione con il <strong><a href=\"https:\/\/mosaiccentrejericho.com\/\" target=\"_blank\" rel=\"noreferrer noopener\">Mosaic Center<\/a><\/strong>.<\/p>\n\n\n\n<h4><strong>Filles de la Charit\u00e9 de Saint Vincen de Paul<\/strong><\/h4>\n\n\n\n<div class=\"wp-container-3 wp-block-columns\">\n<div class=\"wp-container-1 wp-block-column\" style=\"flex-basis:33.33%\">\n<p>Le Sorelle della Carit\u00e0 di San Vincenzo de Paoli, sono una societ\u00e0 di vita apostolica per donne all&#8217;interno della Chiesa cattolica. L&#8217;istituto fu <strong>fondato nel 1633<\/strong> da <strong>Vincent de Paul<\/strong>, un prete francese e Louise de Marillac. L&#8217;istituzione \u00e8 presente in circa <strong>90 paesi in tutto il mondo<\/strong>, contando oltre <strong>14.000 suore<\/strong> che dedicano la propria vita al servizio dell&#8217;individuo pi\u00f9 povero e abbandonato, vivendo una vita di umilt\u00e0 e semplicit\u00e0 dedicata alla carit\u00e0.<\/p>\n\n\n\n<p>L&#8217;Hospice Saint Vincent De Paul di Gerusalemme (Mamilla) fu <strong>fondato nel 1885<\/strong> per iniziativa delle Suore della Carit\u00e0 che volevano prendersi cura dei lebbrosi di Gerusalemme. L&#8217;ospedale ha sempre lavorato a favore dei malati e dei poveri, in particolare degli orfani e di altri bambini, nonch\u00e9 dei <strong>disabili e degli anziani<\/strong> che ricevono amore e cure complete.<\/p>\n<\/div>\n\n\n\n<div class=\"wp-container-2 wp-block-column\" style=\"flex-basis:66.66%\">\n<div class=\"wp-block-image is-style-default\"><figure class=\"alignright size-medium\"><img loading=\"lazy\" width=\"800\" height=\"533\" src=\"https:\/\/darmamillaguesthouse.proterrasancta.org\/darmamillaguesthouse\/wp-content\/uploads\/2020\/02\/19-02-Mamilla-Asilo-e-C.-disabili-4-800x533.jpg\" alt=\"\" class=\"wp-image-437\" srcset=\"https:\/\/darmamillaguesthouse.proterrasancta.org\/darmamillaguesthouse\/wp-content\/uploads\/2020\/02\/19-02-Mamilla-Asilo-e-C.-disabili-4-800x533.jpg 800w, https:\/\/darmamillaguesthouse.proterrasancta.org\/darmamillaguesthouse\/wp-content\/uploads\/2020\/02\/19-02-Mamilla-Asilo-e-C.-disabili-4-300x200.jpg 300w, https:\/\/darmamillaguesthouse.proterrasancta.org\/darmamillaguesthouse\/wp-content\/uploads\/2020\/02\/19-02-Mamilla-Asilo-e-C.-disabili-4-768x512.jpg 768w, https:\/\/darmamillaguesthouse.proterrasancta.org\/darmamillaguesthouse\/wp-content\/uploads\/2020\/02\/19-02-Mamilla-Asilo-e-C.-disabili-4-1536x1024.jpg 1536w, https:\/\/darmamillaguesthouse.proterrasancta.org\/darmamillaguesthouse\/wp-content\/uploads\/2020\/02\/19-02-Mamilla-Asilo-e-C.-disabili-4-2048x1365.jpg 2048w, https:\/\/darmamillaguesthouse.proterrasancta.org\/darmamillaguesthouse\/wp-content\/uploads\/2020\/02\/19-02-Mamilla-Asilo-e-C.-disabili-4-600x400.jpg 600w, https:\/\/darmamillaguesthouse.proterrasancta.org\/darmamillaguesthouse\/wp-content\/uploads\/2020\/02\/19-02-Mamilla-Asilo-e-C.-disabili-4-scaled.jpg 1600w\" sizes=\"(max-width: 800px) 100vw, 800px\" \/><figcaption>Suora che gioca con bambino <\/figcaption><\/figure><\/div>\n<\/div>\n<\/div>\n\n\n\n<p><\/p>\n","protected":false},"excerpt":{"rendered":"<p>Insieme alle suore di San Vincenzo de Paoli Dar Mamilla Guest House fa parte di una rete di attivit\u00e0 realizzate &hellip; <a href=\"https:\/\/darmamillaguesthouse.proterrasancta.org\/darmamillaguesthouse\/it\/chi-siamo\/\" class=\"more-link\"><span class=\"more-button\">Read More<span class=\"screen-reader-text\">La nostra storia<\/span><\/span><\/a><\/p>\n","protected":false},"author":2,"featured_media":437,"parent":0,"menu_order":0,"comment_status":"closed","ping_status":"closed","template":"","meta":[],"_links":{"self":[{"href":"https:\/\/darmamillaguesthouse.proterrasancta.org\/darmamillaguesthouse\/it\/wp-json\/wp\/v2\/pages\/20"}],"collection":[{"href":"https:\/\/darmamillaguesthouse.proterrasancta.org\/darmamillaguesthouse\/it\/wp-json\/wp\/v2\/pages"}],"about":[{"href":"https:\/\/darmamillaguesthouse.proterrasancta.org\/darmamillaguesthouse\/it\/wp-json\/wp\/v2\/types\/page"}],"author":[{"embeddable":true,"href":"https:\/\/darmamillaguesthouse.proterrasancta.org\/darmamillaguesthouse\/it\/wp-json\/wp\/v2\/users\/2"}],"replies":[{"embeddable":true,"href":"https:\/\/darmamillaguesthouse.proterrasancta.org\/darmamillaguesthouse\/it\/wp-json\/wp\/v2\/comments?post=20"}],"version-history":[{"count":5,"href":"https:\/\/darmamillaguesthouse.proterrasancta.org\/darmamillaguesthouse\/it\/wp-json\/wp\/v2\/pages\/20\/revisions"}],"predecessor-version":[{"id":1044,"href":"https:\/\/darmamillaguesthouse.proterrasancta.org\/darmamillaguesthouse\/it\/wp-json\/wp\/v2\/pages\/20\/revisions\/1044"}],"wp:featuredmedia":[{"embeddable":true,"href":"https:\/\/darmamillaguesthouse.proterrasancta.org\/darmamillaguesthouse\/it\/wp-json\/wp\/v2\/media\/437"}],"wp:attachment":[{"href":"https:\/\/darmamillaguesthouse.proterrasancta.org\/darmamillaguesthouse\/it\/wp-json\/wp\/v2\/media?parent=20"}],"curies":[{"name":"wp","href":"https:\/\/api.w.org\/{rel}","templated":true}]}}